{"id":220,"date":"2017-01-17T13:06:00","date_gmt":"2017-01-17T12:06:00","guid":{"rendered":"http:\/\/www.gustav-und-co.de\/?page_id=220"},"modified":"2025-10-17T10:39:17","modified_gmt":"2025-10-17T08:39:17","slug":"schueler","status":"publish","type":"page","link":"https:\/\/www.schule-niepars.de\/?page_id=220","title":{"rendered":"Sch\u00fclervertreter Schuljahr 2025\/2026"},"content":{"rendered":"\n<table id=\"tablepress-2\" class=\"tablepress tablepress-id-2\">\n<thead>\n<tr class=\"row-1\">\n\t<th class=\"column-1\">Klassen<\/th><th class=\"column-2\">Sch\u00fclerzahl<\/th><th class=\"column-3\">Klassenleiter\/in<\/th><th class=\"column-4\">Klassensprecher<\/th>\n<\/tr>\n<\/thead>\n<tbody class=\"row-striping\">\n<tr class=\"row-2\">\n\t<td class=\"column-1\">Klasse 1a<\/td><td class=\"column-2\">23<\/td><td class=\"column-3\">Frau Klug<\/td><td class=\"column-4\">-<\/td>\n<\/tr>\n<tr class=\"row-3\">\n\t<td class=\"column-1\">Klasse 1b<\/td><td class=\"column-2\">22<\/td><td class=\"column-3\">Frau Degler<\/td><td class=\"column-4\">-<\/td>\n<\/tr>\n<tr class=\"row-4\">\n\t<td class=\"column-1\">Klasse 2a<\/td><td class=\"column-2\">23<\/td><td class=\"column-3\">Frau Beil<\/td><td class=\"column-4\">-<\/td>\n<\/tr>\n<tr class=\"row-5\">\n\t<td class=\"column-1\">Klasse 2b<\/td><td class=\"column-2\">24<\/td><td class=\"column-3\">Frau Petter<\/td><td class=\"column-4\">-<\/td>\n<\/tr>\n<tr class=\"row-6\">\n\t<td class=\"column-1\">Klasse 3a<\/td><td class=\"column-2\">25<\/td><td class=\"column-3\">Frau M\u00fcller<\/td><td class=\"column-4\">-<\/td>\n<\/tr>\n<tr class=\"row-7\">\n\t<td class=\"column-1\">Klasse 3b<\/td><td class=\"column-2\">18<\/td><td class=\"column-3\">Frau Grulich<\/td><td class=\"column-4\">-<\/td>\n<\/tr>\n<tr class=\"row-8\">\n\t<td class=\"column-1\">Klasse 4a<\/td><td class=\"column-2\">22<\/td><td class=\"column-3\">Frau Dzugga-Krause<\/td><td class=\"column-4\">Nele Borowitz<br \/>\nGreta Nicolaus<br \/>\n<\/td>\n<\/tr>\n<tr class=\"row-9\">\n\t<td class=\"column-1\">Klasse 4b<\/td><td class=\"column-2\">24<\/td><td class=\"column-3\">Frau Buhrke<\/td><td class=\"column-4\">Hanna Vinke<br \/>\nAnton Mausch<br \/>\n<\/td>\n<\/tr>\n<tr class=\"row-10\">\n\t<td class=\"column-1\">Klasse 5a<\/td><td class=\"column-2\">23<\/td><td class=\"column-3\">Herr Fuhrmann <\/td><td class=\"column-4\">Pia Johanna Cholle<br \/>\nConstantin Karl Rieck<br \/>\n<\/td>\n<\/tr>\n<tr class=\"row-11\">\n\t<td class=\"column-1\">Klasse 5b<\/td><td class=\"column-2\">19<\/td><td class=\"column-3\">Frau Thietke<\/td><td class=\"column-4\">Eisabeth Kurzweg<br \/>\nCarlo M\u00fcller<br \/>\n<\/td>\n<\/tr>\n<tr class=\"row-12\">\n\t<td class=\"column-1\">Klasse 5c<\/td><td class=\"column-2\">20<\/td><td class=\"column-3\">Frau Klemp<\/td><td class=\"column-4\">Milo Engel<br \/>\nKatja Johanna Schade<br \/>\n<\/td>\n<\/tr>\n<tr class=\"row-13\">\n\t<td class=\"column-1\">Klasse 6a<\/td><td class=\"column-2\">28<\/td><td class=\"column-3\">Herr Krause<\/td><td class=\"column-4\">Theo Lukat<br \/>\nGlen Bethmann<br \/>\n<\/td>\n<\/tr>\n<tr class=\"row-14\">\n\t<td class=\"column-1\">Klasse 6b<\/td><td class=\"column-2\">20<\/td><td class=\"column-3\">Frau Reichenbach-Braun<\/td><td class=\"column-4\">Emil Niederleig<br \/>\nLina Lorenz<br \/>\n<\/td>\n<\/tr>\n<tr class=\"row-15\">\n\t<td class=\"column-1\">Klasse 6c<\/td><td class=\"column-2\">21<\/td><td class=\"column-3\">Frau Lewe<\/td><td class=\"column-4\">Hedy Dornstrey<br \/>\nNele Resech<br \/>\n<\/td>\n<\/tr>\n<tr class=\"row-16\">\n\t<td class=\"column-1\">Klasse 7a<\/td><td class=\"column-2\">18<\/td><td class=\"column-3\">Herr Ruhnke<\/td><td class=\"column-4\">Max H\u00fcbner<br \/>\nMelvin Mendle<br \/>\n<\/td>\n<\/tr>\n<tr class=\"row-17\">\n\t<td class=\"column-1\">Klasse 7b<\/td><td class=\"column-2\">19<\/td><td class=\"column-3\">Frau Thiede<\/td><td class=\"column-4\">Theo Hopp<br \/>\nLeni Mund<br \/>\n<\/td>\n<\/tr>\n<tr class=\"row-18\">\n\t<td class=\"column-1\">Klasse 8a<\/td><td class=\"column-2\">24<\/td><td class=\"column-3\">Herr Ahrens<\/td><td class=\"column-4\">Hadil Mahmoud<br \/>\nNero Kugenbuch<br \/>\n<\/td>\n<\/tr>\n<tr class=\"row-19\">\n\t<td class=\"column-1\">Klasse 8b<\/td><td class=\"column-2\">22<\/td><td class=\"column-3\">Frau Schumann<\/td><td class=\"column-4\">Manuel Vlach<br \/>\nFelix Rathjen<br \/>\n<\/td>\n<\/tr>\n<tr class=\"row-20\">\n\t<td class=\"column-1\">Klasse 9a<\/td><td class=\"column-2\">18<\/td><td class=\"column-3\">Herr Sonnenburg<\/td><td class=\"column-4\">Kalle Tews<br \/>\nJannis Meiser<br \/>\n<\/td>\n<\/tr>\n<tr class=\"row-21\">\n\t<td class=\"column-1\">Klasse 9b<\/td><td class=\"column-2\">21<\/td><td class=\"column-3\">Herr Petershen<\/td><td class=\"column-4\">Emily Scholz<br \/>\nLeonie Luise Helm<br \/>\n<\/td>\n<\/tr>\n<tr class=\"row-22\">\n\t<td class=\"column-1\">Klasse 10a<\/td><td class=\"column-2\">18<\/td><td class=\"column-3\">Frau Degwitz<\/td><td class=\"column-4\">Levy Quaas<br \/>\nEddy Lukat<\/td>\n<\/tr>\n<tr class=\"row-23\">\n\t<td class=\"column-1\">Klasse 10b<\/td><td class=\"column-2\">19<\/td><td class=\"column-3\">Frau Schiller<\/td><td class=\"column-4\">Benjamin Gromnitza<br \/>\nNoah Trunschke<br \/>\n<\/td>\n<\/tr>\n<\/tbody>\n<\/table>\n<!-- #tablepress-2 from cache -->\n<p>Vorsitzender des Sch\u00fclerrates: Levy Quaas<br \/>\nStellvertretender Vorsitzender des Sch\u00fclerrates: Eddy Lukat<br \/>\nWeitere Mitglieder des Sch\u00fclerrates: Nero Kugenbuch, Kalle Tews<\/p>\n<p>Diese Sch\u00fcler\/innen sind ebenfalls Vertreter f\u00fcr die Schulkonferenz und f\u00fcr die Fachkonferenzen.<\/p>\n","protected":false},"excerpt":{"rendered":"<p>Vorsitzender des Sch\u00fclerrates: Levy Quaas Stellvertretender Vorsitzender des Sch\u00fclerrates: Eddy Lukat Weitere Mitglieder des Sch\u00fclerrates: Nero Kugenbuch, Kalle Tews Diese Sch\u00fcler\/innen sind ebenfalls Vertreter f\u00fcr die Schulkonferenz und f\u00fcr die Fachkonferenzen.<\/p>\n","protected":false},"author":3,"featured_media":0,"parent":1872,"menu_order":7,"comment_status":"closed","ping_status":"closed","template":"","meta":{"footnotes":""},"class_list":["post-220","page","type-page","status-publish","hentry"],"_links":{"self":[{"href":"https:\/\/www.schule-niepars.de\/index.php?rest_route=\/wp\/v2\/pages\/220","targetHints":{"allow":["GET"]}}],"collection":[{"href":"https:\/\/www.schule-niepars.de\/index.php?rest_route=\/wp\/v2\/pages"}],"about":[{"href":"https:\/\/www.schule-niepars.de\/index.php?rest_route=\/wp\/v2\/types\/page"}],"author":[{"embeddable":true,"href":"https:\/\/www.schule-niepars.de\/index.php?rest_route=\/wp\/v2\/users\/3"}],"replies":[{"embeddable":true,"href":"https:\/\/www.schule-niepars.de\/index.php?rest_route=%2Fwp%2Fv2%2Fcomments&post=220"}],"version-history":[{"count":28,"href":"https:\/\/www.schule-niepars.de\/index.php?rest_route=\/wp\/v2\/pages\/220\/revisions"}],"predecessor-version":[{"id":7980,"href":"https:\/\/www.schule-niepars.de\/index.php?rest_route=\/wp\/v2\/pages\/220\/revisions\/7980"}],"up":[{"embeddable":true,"href":"https:\/\/www.schule-niepars.de\/index.php?rest_route=\/wp\/v2\/pages\/1872"}],"wp:attachment":[{"href":"https:\/\/www.schule-niepars.de\/index.php?rest_route=%2Fwp%2Fv2%2Fmedia&parent=220"}],"curies":[{"name":"wp","href":"https:\/\/api.w.org\/{rel}","templated":true}]}}