{"id":451,"date":"2017-01-19T11:55:08","date_gmt":"2017-01-19T10:55:08","guid":{"rendered":"http:\/\/www.gustav-und-co.de\/?page_id=451"},"modified":"2025-11-03T17:06:21","modified_gmt":"2025-11-03T16:06:21","slug":"schulkonferenz","status":"publish","type":"page","link":"https:\/\/www.schule-niepars.de\/?page_id=451","title":{"rendered":"Schulkonferenz"},"content":{"rendered":"<p><strong>Erste Schulkonferenz des Schuljahres 2025\/26<\/strong><\/p>\n<p>Datum: 27.10.2025<\/p>\n<p>Anwesenheit:<br \/>\nElternvertreter: Frau Hauschild, Frau Wiechmann, Frau K\u00fcnzel<br \/>\nLehrervertreter: Frau Berndt, Frau Reichenbach-Braun, Frau Schiller, Frau Degler<br \/>\nSch\u00fclervertreter: Levy Quaas, Eddy Lukat, Kalle Tews<\/p>\n<p>Die Vorsitzende und die Stellvertreterin der Schulkonferenz sind weiterhin Frau Berndt und Frau Schiller bis zur neuen Wahlperiode 2026\/2027.<\/p>\n<p>In den Gremien der Eltern und Sch\u00fcler wurden neue Mitglieder f\u00fcr den Vorstand nachgew\u00e4hlt. Elternsprecherin ist Frau Hauschild und Frau K\u00fcnzel ist Mitglied des Vorstandes des Schulelternrates.<\/p>\n<p>Als neues Mitglied im Vorstand des Sch\u00fclerrates agiert Kalle Tews.<\/p>\n<p>Alle Mitglieder der Schulkonferenz bleiben f\u00fcr das Schuljahr 2025\/26 im Amt.<\/p>\n<ol>\n<li><strong>Bericht zum Schulstart und zu geplanten Projekten<br \/>\n<\/strong>&#8211; Schuljahr wurde geregelt mit Stundenpl\u00e4nen, Lehrmitteln und -Klassenleitertag gestartet, im Monat Oktober vier Neueinstellungen: Lehrkr\u00e4fte f\u00fcr Kunst, Informatik\/Medienbildung und Grundschule, noch keine Lehrkraft f\u00fcr Englisch<br \/>\n&#8211; Dankesch\u00f6n-Fest der Gemeinde zum Abschluss der wesentlichen Bauarbeiten war eine sehr gelungene Veranstaltung<br \/>\n&#8211; Bauma\u00dfnahmen in den n\u00e4chsten Wochen beinhalten die Au\u00dfenmarkisen und den Einbau der Fensterb\u00e4nke, die \u00dcberdachung ist bereits fertiggestellt<br \/>\n&#8211; Jahrgangsstufe 5 absolvierte eine Einf\u00fchrungswoche mit Methodentraining und Exkursion, Klassenstufe 7 f\u00fchrte die Auftaktveranstaltung zur \u201eMission Ich\u201c durch, Sch\u00fclerinnen und Sch\u00fcler der Jahrgangsstufe 8 besuchten unsere polnische Partnerschule in Zaleszany<br \/>\n&#8211; erste sportliche Wettbewerbe und Projekt zur Berufsorientierung wurden durchgef\u00fchrt<br \/>\n&#8211; \u00dcber alle geplanten Projekte auf dem Gebiet des Sports, der Mathematik, im Fremdsprachenunterricht und der naturwissenschaftlichen Fachbereiche informieren wir in den quartalsm\u00e4\u00dfigen Elternbriefen.<\/li>\n<li><strong>Wanderfahrten<br \/>\n<\/strong>Die Klassen 4a\/b, 6a\/b\/c und 9a\/b werden im Schuljahr 2025\/26 Wanderfahrten durchf\u00fchren. Zus\u00e4tzlich findet f\u00fcr Sch\u00fclerinnen und Sch\u00fcler der Jahrgangsstufen 8 &#8211; 10 im Rahmen des Franz\u00f6sischunterrichtes eine Sprachreise nach Frankreich\/Paris statt und im September 2026 ist unsere Schule Gastgeber f\u00fcr das Partnerschaftsprojekt mit Polen.<br \/>\nDer Wanderplan der Schule wurde einstimmig beschlossen.<strong><br \/>\n<\/strong><\/li>\n<li><strong>Aussprache zum \u201eTag des Sportabzeichens\u201c<br \/>\n<\/strong>Die Mitglieder der Schulkonferenz wertsch\u00e4tzten das Engagement der verantwortlichen Lehrkr\u00e4fte zur Durchf\u00fchrung des \u201eTages des Sportabzeichens\u201c. Es wurde die Wiederholung dieser Veranstaltung in den Folgejahren nach Aufwand und Nutzen diskutiert und die Schulkonferenz lehnte einen Tag des Sportabzeichens ab, beschloss aber die M\u00f6glichkeit zum Ablegen des Sportabzeichens f\u00fcr die Sch\u00fclerinnen und Sch\u00fcler der Regionalen Schule im Rahmen des Sportunterrichtes und bei Schulmeisterschaften im Verlauf eines Jahres.<\/li>\n<li><strong>Aussprache zur Erweiterung eines Verbots der Handynutzung w\u00e4hrend des gesamten Schultages<\/strong><br \/>\nDie Vertreter der Schulkonferenz diskutierten ein Handyverbot auch in den Hofpausen und damit die Neufassung einer Handynutzungsregelung in der Schulordnung. Dieses Thema wurde auch auf verschiedenen Elternversammlungen angesprochen. Die Fragestellung wird mit in alle Gremien genommen und eine Beschlussfassung erfolgt in der zweiten Schulkonferenz des Schuljahres 2025\/26.<\/li>\n<li><strong>Aussprache zur Umgestaltung des Schultages auf Blockunterricht<\/strong><br \/>\nEs erfolgte eine Abw\u00e4gung von Vor- und Nachteilen. Auch dieses Thema wird in den einzelnen Gremien diskutiert und bis zur zweiten Schulkonferenz legt jeder Vorstand die begr\u00fcndete Sicht der Vertreter dar, um einen Beschluss zu fassen, ob im Schuljahr 2026\/27 der Unterricht einheitlich auf Blockunterricht umgestellt werden soll.<\/li>\n<li style=\"text-align: left;\"><strong>Anfragen und Antr\u00e4ge<\/strong><br \/>\nEin Antrag auf Beginn der Schulkonferenz bereits um 18:00 Uhr wurde einstimmig angenommen<\/li>\n<\/ol>\n<p>B. Berndt<br \/>\nVorsitzende der Schulkonferenz<\/p>\n<hr \/>\n<p><strong>Zweite Schulkonferenz des Schuljahres 2024\/25<\/strong><\/p>\n<p>Datum: 14.07.2025<\/p>\n<p>Anwesenheit:<br \/>\nElternvertreter: Herr Heim, Frau Wiechmann, Frau Kr\u00e4ge<br \/>\nLehrervertreter: Frau Berndt, Frau Reichenbach-Braun, Frau Schiller, Frau Degler<br \/>\nSch\u00fclervertreter: Levy Quaas, Eddy Lukat<br \/>\nVertreter des Schultr\u00e4gers: Frau Kretschmer<br \/>\nG\u00e4ste: Herr Kutschke, Herr Petershen<\/p>\n<ol>\n<li><strong><strong>Informationen zum Stand der Bauarbeiten durch Herrn Kutschke<br \/>\n<\/strong><\/strong>Seit Februar 2025 laufen Arbeiten zur Erneuerung der Fenster im Rahmen der energetischen Sanierung sowie ein Umbau des PC-Raumes, des B\u00fcrotraktes und die Umgestaltungen im Bereich der Werkr\u00e4ume und des Amphitheaters.<br \/>\nHerr Kutschke informiert, dass die Bauma\u00dfnahmen in regelm\u00e4\u00dfigen Beratungen mit der Schulleitung besprochen wurden, dass Ausweichr\u00e4ume f\u00fcr die Pr\u00fcfungen und die letzten beiden Schulwochen durch die Gemeinde zur Verf\u00fcgung gestellt wurden und dass es ein Sicherheitskonzept gibt, dessen Einhaltung durchg\u00e4ngig kontrolliert wird.<br \/>\nEs erfolgten Informationen an die Eltern und durchg\u00e4ngige Belehrungen der Sch\u00fcler.<br \/>\nAlle an Schule t\u00e4tigen Personen haben die Ma\u00dfnahmen vorbildlich mitgetragen.<br \/>\nDie laufenden Arbeiten sollen bis Ende August abgeschlossen sein.<br \/>\nAm 19.09.2025 richtet die Gemeinde ein Dankesch\u00f6n-Fest f\u00fcr die Sch\u00fcler und Lehrkr\u00e4fte aus.<\/li>\n<li><strong><strong>Informationen zum Praxislerntag und weiteren Neuerungen im Berufsorientierungskonzept durch Herrn Petershen<br \/>\n<\/strong><\/strong>Auf Initiative des Bildungsministeriums wird im Schuljahr 2025\/2026 das Fach AWT in der Jahrgangsstufe 9 mit zwei zus\u00e4tzlichen Unterrichtsstunden gest\u00e4rkt. Dazu soll ein Praxislerntag eingef\u00fchrt werden, an welchem die Sch\u00fcler in Betrieben der Region t\u00e4tig sind. Das zweiw\u00f6chige Betriebspraktikum und alle weiteren berufsorientierenden Ma\u00dfnahmen bleiben erhalten.<br \/>\nDer Praxislerntag wird f\u00fcr die Klasse 9a im ersten Schulhalbjahr, f\u00fcr die Klasse 9b im zweiten Schulhalbjahr f\u00fcr eine Dauer von 5 Wochen durchgef\u00fchrt. Die AWT-Stunden werden epochal erteilt. Die Eltern der Jahrgangsstufe 9 sind bereits informiert.<br \/>\nF\u00fcr die Jahrgangsstufe 7 wird \u201eMission Ich\u201c als individuelle Berufsorientierung innerhalb der ersten Schulwoche und im Schuljahresverlauf durch Projektarbeiten, in Klassenleiterstunden und im Unterricht umgesetzt. \u201eMission Ich\u201c ist ein systematisch aufbauendes Konzept und l\u00e4sst sich neben dem Fach AWT auch in andere F\u00e4cher integrieren.<br \/>\nDie Schule bewirbt sich im zweiten Halbjahr 2025\/2026 erneut um das Berufswahlsiegel.<strong><br \/>\n<\/strong>Die Schulkonferenz beschloss die Aufnahme der neuen Ma\u00dfnahmen in das Berufsorientierungskonzept einstimmig.<\/li>\n<li><strong><strong>Lesung der \u00fcberarbeiteten Schulordnung und Beschlussfassung<br \/>\n<\/strong><\/strong>Die Mitglieder der Schulkonferenz haben die neue Schulordnung in den einzelnen Gremien vorgestellt und besprochen. Eventuell kommt es zu einer \u00dcberarbeitung der Handyregelung, wenn konkrete Empfehlungen durch das BM folgen.<br \/>\nDie Schulordnung wurde einstimmig beschlossen, sie ist ab dem Schuljahr 2025\/26 g\u00fcltig und wird allen Sch\u00fclern und Eltern zur Kenntnis gegeben.<\/li>\n<li><strong><strong>Antrag auf Aufnahme des Deutschen Sportabzeichens in den schulinternen Rahmenplan Sport<br \/>\n<\/strong><\/strong>Antragsteller waren Frau Thietke und Herr Pr\u00fcter in Absprache mit der Fachschaft Sport, beide besitzen den Pr\u00fcfnachweis zur Abnahme des Deutschen Sportabzeichens. Die Idee wird bef\u00fcrwortet, ebenso eine Testphase im September.<br \/>\nVor der Beschlussfassung muss das Thema noch einmal in den Gremien besprochen werden.<br \/>\nEin Beschluss erfolgt auf der ersten Schulkonferenz des Schuljahres 2025\/2026.<strong><br \/>\n<\/strong><\/li>\n<li><strong><strong>Vorlage eines Unterrichtsplans zur Stundenk\u00fcrzung bei extremer, langanhaltender Hitze<br \/>\n<\/strong><\/strong>Der Plan wurde durch die Schulleitung in Absprache mit dem Personalrat erstellt.<br \/>\nDie Unterrichtsstunden werden auf 20 Minuten gek\u00fcrzt, um alle F\u00e4cher des Schultages zu unterrichten. Somit wird ein Schulschluss um 11:20 Uhr m\u00f6glich, ohne Unterricht komplett ausfallen zu lassen.<br \/>\nDer Plan zum verk\u00fcrzten Unterricht wurde einstimmig beschlossen.<\/li>\n<li><strong><strong>Weitere Schwerpunkte<br \/>\n<\/strong><\/strong>Problem der Unterrichtsabsicherung aufgrund fehlender Lehrkr\u00e4fte<br \/>\nSteuerkreis und Personalrat unterst\u00fctzen Schulentwicklungsprozesse<br \/>\nDurchgef\u00fchrte Projekte und Wandertage im zur\u00fcckliegenden Schuljahr<br \/>\nGeplante Vorhaben f\u00fcr 2025\/2026:<br \/>\nBeibehaltung bew\u00e4hrter Projekttage und Exkursionen, zus\u00e4tzlich: Ablegen des Deutschen Sportabzeichens, Anti-Mobbing Projekt, Fr\u00fchlingsfest anstelle des Lichterfestes<br \/>\nEntlastung Frau Kr\u00e4ge von Ihrer Funktion als Vorsitzende des Schulelternrates und Austritt aus der Schulkonferenz zum Schuljahr 2025\/2026<\/li>\n<li><strong>Anfragen<\/strong><br \/>\nUmsetzung von Blockunterricht f\u00fcr zuk\u00fcnftige Schuljahre<\/li>\n<\/ol>\n<p>B. Berndt<br \/>\nVorsitzende der Schulkonferenz<\/p>\n<hr \/>\n<p><strong>Erste Schulkonferenz des Jahres 2024\/25<\/strong><\/p>\n<p>Datum: 28.10.2024<\/p>\n<p>Anwesenheit:<br \/>\nElternvertreter: Frau Kr\u00e4ge, Frau Weiser-Bork, Herr Heim, Frau Wiechmann<br \/>\nLehrervertreter: Frau Berndt, Frau Reichenbach-Braun, Frau Schiller, Frau Degler<br \/>\nSch\u00fclervertreter: Levy Quaas, Eddy Lukat, Jennifer Sellin, Nero Kugenbuch<br \/>\nVertreter des Schultr\u00e4gers: Frau Kretschmer<\/p>\n<p>Als Vorsitzende der Schulkonferenz wurde Frau Berndt, als Stellvertreterin Frau Schiller gew\u00e4hlt.<br \/>\nAlle Mitglieder der Schulkonferenz wurden f\u00fcr die Schuljahre 2023\/24 und 2024\/25 gew\u00e4hlt.<\/p>\n<ol>\n<li><strong>Bericht zum Schulstart und zum Programm \u201eInternationale Nachhaltigkeitsschule\u201c<\/strong><br \/>\n&#8211; Schuljahr wurde geregelt mit Stundenpl\u00e4nen, Lehrmitteln und Unterricht in allen F\u00e4chern laut Stundentafel begonnen<br \/>\n&#8211; Jahrgangsstufe 5 absolvierte eine Einf\u00fchrungswoche mit Methodentraining und Exkursionen<br \/>\n&#8211; deutsch-polnisches Partnerschaftsprojekt fand im September gro\u00dfen Anklang bei den Teilnehmern<br \/>\n&#8211; erste sportliche Wettbewerbe und Projekt BOM zur Berufsorientierung wurden durchgef\u00fchrt. Die erneute Teilnahme am Projekt \u201eInternationale Nachhaltigkeitsschule\/Umweltschule in Europa\u201c wird durch die Schulkonferenz bef\u00fcrwortet. Die gew\u00e4hlten Themen sind: Biologische Vielfalt an der Schule (Bundesthema) und nachhaltiger Konsum (freies Thema)<br \/>\nProgrammlaufzeit: 17.02.2025 \u2013 20.02.2026<br \/>\nJede Klassenstufe leistet einen Programmbeitrag.<\/li>\n<li><strong>Wanderfahrten<\/strong><br \/>\nDie Klassen 4a\/b, 6a\/b\/c, 9a und 10a werden im Schuljahr 2024\/25 Wanderfahrten durchf\u00fchren. Zus\u00e4tzlich findet f\u00fcr Sch\u00fclerinnen und Sch\u00fcler der Jahrgangsstufen 8 &#8211; 10 eine Sprachreise nach Gro\u00dfbritannien statt.<br \/>\nDer Wanderplan der Schule wurde einstimmig beschlossen.<\/li>\n<li><strong>Zus\u00e4tzliches Fr\u00fchst\u00fccksangebot des Essenanbieters \u201eBoHe K\u00fcchenbetrieb\u201c<\/strong><br \/>\nAuf der Grundlage einer vorausgegangenen Befragung auf den Klassenelternversammlungen stimmte die Schulkonferenz mit 8:4 Stimmen f\u00fcr das zus\u00e4tzliche Fr\u00fchst\u00fccksangebot.<br \/>\nDieses soll f\u00fcr die Klassenstufen 5 &#8211; 10 verf\u00fcgbar sein.<\/li>\n<li><strong>Vorstellung des \u00fcberarbeiteten Schulprogramms<br \/>\n<\/strong>Die Mitglieder der Schulkonferenz erhielten eine Lesefassung das \u00fcberarbeiteten Schulprogramms. Ver\u00e4nderungen bezogen sich insbesondere auf die wachsende Bedeutung der digitalen Medien im Schulalltag.<br \/>\nDas \u00fcberarbeitete Schulprogramm wurde einstimmig beschlossen.<\/li>\n<li><strong>Informationen zu geplanten Sanierungsvorhaben durch den Schultr\u00e4ger<br \/>\n<\/strong>Die Ma\u00dfnahmen beinhalten die Erneuerung des Computerraumes und der \u00dcberdachung sowie bauliche Ver\u00e4nderungen bei den Werkr\u00e4umen und im B\u00fcrobereich.<br \/>\nDer Umgestaltungszeitraum bel\u00e4uft sich bis August 2025.<\/li>\n<li style=\"text-align: left;\"><strong>Anfragen<\/strong><br \/>\n&#8211; Sch\u00fclerrat zu verbesserten Sitzgelegenheiten auf dem Schulgel\u00e4nde und zur Anschaffung eines Hei\u00dfgetr\u00e4nkeautomaten.<br \/>\n&#8211; Anfrage der Klassen 10a\/b an die Gemeinde zur Nutzung der Sporthalle f\u00fcr das Abschlussfest<\/li>\n<\/ol>\n<p>B. Berndt<br \/>\nVorsitzende der Schulkonferenz<\/p>\n<hr \/>\n<p><strong>Zweite Schulkonferenz des Jahres 2023\/24<\/strong><\/p>\n<p>Datum: 08.07.2024<\/p>\n<p>Anwesenheit:<br \/>\nElternvertreter: Herr Petershen, Frau Kr\u00e4ge, Frau Krombach<br \/>\nLehrervertreter: Herr Roch, Herr Sonnenburg, Frau Berndt<br \/>\nVertreter des Schultr\u00e4gers: Frau Schilling, Frau Kretschmer<\/p>\n<ol>\n<li><strong>Best\u00e4tigung des Protokolls<\/strong><br \/>\n&#8211; Best\u00e4tigung des Protokolls der Schulkonferenz vom 23.10.2023 erfolgte einstimmig<\/li>\n<li><strong>Jahresr\u00fcckblick<\/strong><br \/>\n&#8211; R\u00fcckblick von Frau Berndt zu Projekten, Wettk\u00e4mpfen und Schulwanderfahrten<br \/>\n&#8211; 50. Schuljubil\u00e4um am 01.09.2023<br \/>\n&#8211; Die schulischen Veranstaltungen wurden mit Ausnahme des Lichterfestes und der<br \/>\nPr\u00e4ventionstheaterauff\u00fchrung vollst\u00e4ndig durchgef\u00fchrt.<br \/>\n&#8211; F\u00fcr das Lichterfest gab es als Ersatz ein Fr\u00fchlingsfest.<br \/>\n&#8211; DDR-Projektwoche der 10. Klasse<br \/>\n&#8211; Der Schulwanderplan wurde nur f\u00fcr die Klassen 9b und 6c umgesetzt, es fanden die Sprachreise<br \/>\nnach Gro\u00dfbritannien, eine eint\u00e4gige Abschlussfahrt der Grundschule in den Vogelpark Marlow<br \/>\nund unterschiedliche Klassenwandertage statt.<br \/>\n&#8211; Titelverteidigung \u201eUmweltschule in Europa\u201c mit drei Sternen<\/li>\n<li><strong><strong>Informationen zur Unterrichtsversorgung<br \/>\n<\/strong><\/strong>&#8211; angespannte Personalsituation in den F\u00e4chern Biologie, Sport, Schwedisch und Englisch<br \/>\n&#8211; kein Chemieunterricht im zweiten Schulhalbjahr<\/li>\n<li><strong>Stand der Digitalisierung<br \/>\n<\/strong>&#8211; gute Ausstattung mit Sch\u00fclerlaptops, Seit SJ 2023\/24 neuer Server, SJ 2024\/25 werden die<br \/>\nletzten Smartboards geliefert, Lehrerlaptops erhalten<br \/>\n&#8211; Software zur Kontrolle der Sch\u00fcler PCs<\/li>\n<li><strong>Beschl\u00fcsse<\/strong><br \/>\n&#8211; Votum der Schulkonferenz und der Gemeindevertretung zur Neubesetzung der Schulleiterstelle<br \/>\nzum Schuljahr 2024\/25<br \/>\n&#8211; Die Schulkonferenz und die Gemeindevertretung geben ihre einstimmige Zustimmung zum<br \/>\nVorschlag des Schulamtes nach Abschluss des Auswahlverfahrens die Schulleiterstelle an der<br \/>\nRegionalen Schule Niepars mit Frau Beate Berndt zu besetzen.<\/li>\n<\/ol>\n<p>B. Berndt<\/p>\n<hr \/>\n<p><strong>Erste Schulkonferenz des Jahres 2023\/24<\/strong><\/p>\n<p>Datum: 23.10.2023<\/p>\n<p>Anwesenheit:<br \/>\nElternvertreter: Herr Petershen, Frau Kr\u00e4ge, Frau Krombach, Herr Rasser<br \/>\nLehrervertreter: Herr Roch, Herr Sonnenburg, Frau Berndt, Herr Steffen<br \/>\nVertreter des Schultr\u00e4gers: Frau Schilling<\/p>\n<ol>\n<li><strong>Best\u00e4tigung des Protokolls<br \/>\n<\/strong>&#8211; Best\u00e4tigung des Protokolls der Schulkonferenz vom 10.07.2023 erfolgte einstimmig<br \/>\n&#8211; R\u00fcckblick von Herrn Steffen auf das 50. Schuljubil\u00e4um und Dank an alle Unterst\u00fctzer<\/li>\n<li><strong>Wanderfahrten<\/strong><br \/>\n&#8211; Das Problem der Wanderfahrten wird besprochen, nicht alle Klassen in den Jahrgangsstufen 4, 6<br \/>\nund 9 planen Klassenfahrten.<br \/>\n&#8211; Der Wanderplan wird einstimmig beschlossen.<\/li>\n<li><strong>Informationen zur Unerrichtsversorgung<br \/>\n<\/strong>&#8211; angespannte Personalsituation, kein Chemieunterricht<\/li>\n<li><strong>Stand der Digitalisierung<br \/>\n<\/strong>&#8211; Ausstattung mit Sch\u00fclerlaptops in den Klassenstufen 4, 9 und 10, viele digitale<br \/>\nTafeln (Smartboards) in den R\u00e4umen vorhanden, Herr Ronny Rosenow (Firma Sundlicht IT)<br \/>\nk\u00fcmmert sich regelm\u00e4\u00dfig um Wartung und Verbesserung der Bedingungen in der Schule.<\/li>\n<\/ol>\n<p>R. Steffen<br \/>\nVorsitzender der Schulkonferenz<\/p>\n<hr \/>\n<p><strong>Zweite Schulkonferenz des Jahres 2022\/23<\/strong><\/p>\n<p>Datum: 10.07.2023<br \/>\nZeit:\u00a0\u00a0\u00a0\u00a0\u00a0 19:00 &#8211; 20:00 Uhr<br \/>\nOrt:\u00a0\u00a0\u00a0\u00a0\u00a0\u00a0 Aula<\/p>\n<p>Anwesenheit:<br \/>\nSch\u00fclervertreter: Luca Busse und Nancy Weber abwesend aufgrund der Projektfahrt<br \/>\nElternvertreter: Herr Petershen, Frau Arndt, Frau Kr\u00e4ge<br \/>\nLehrervertreter: Herr Steffen, Herr Sonnenburg, Frau Berndt, Herr Roch abwesend aufgrund der Projektfahrt<br \/>\nVertreter des Schultr\u00e4gers: Frau Schilling, Frau Kretschmer<\/p>\n<ol>\n<li style=\"text-align: left;\"><strong>Schuljahresr\u00fcckblick<br \/>\n<\/strong>&#8211; Schuljahr wurde planm\u00e4\u00dfig mit allen Veranstaltungen und Wettk\u00e4mpfen durchgef\u00fchrt<br \/>\n&#8211; sehr gute Ergebnisse in den schriftlichen und m\u00fcndlichen Pr\u00fcfungen:<br \/>\nDurchschnitte der schriftlichen Pr\u00fcfungen: Mathematik 2,4, Deutsch: 2,57, Englisch 2,37<br \/>\n&#8211; Lerndefizite durch die Pandemie sind bei mehreren Sch\u00fclerinnen und Sch\u00fclern aufgetreten<br \/>\n&#8211; vier Sch\u00fclerInnen verlassen die Schule ohne Abschluss, sind aber beim Berufsbildungszentrum gemeldet<br \/>\n&#8211; Klassenfahrten wurden durch die 4a\/b, 6a\/c und 9b durchgef\u00fchrt<\/li>\n<li style=\"text-align: left;\"><strong>50. Schuljubil\u00e4um am 01.09.2023<br \/>\n<\/strong>&#8211; \u00fcber Plakate werden alle Gemeinden des Amtsbereiches informiert<br \/>\n&#8211; alle Sch\u00fclerinnen und Sch\u00fcler erhalten einen Flyer mit den Zeugnissen<br \/>\n&#8211; jede Klasse arbeitet an Projekten zum Thema: Wir gestalten etwas Nachhaltiges f\u00fcr unsere Schule<br \/>\n&#8211; Ablaufplan f\u00fcr den 01.09.2023:<br \/>\n7:45 \u2013 13:40\u00a0\u00a0\u00a0 Projekttag f\u00fcr alle Klassen<br \/>\n14:00 \u2013 16:00 Flohmarkt (Organisation Sch\u00fclerrat)<br \/>\n14:00 \u2013 17:00 Besuchercaf\u00e9 (Organisation Klasse 10)<br \/>\n16:00 \u2013 18:00 Pr\u00e4sentation der Projekte<br \/>\n18:00 \u2013 23:00 Feier am Abend mit Liveband, Diskothek<br \/>\nEine Delegation unserer Partnerschule aus Schweden nimmt am Jubil\u00e4um teil, die polnische Partnerschule<br \/>\nhat ihren Besuch abgesagt. Die Gemeinde stellt f\u00fcr das Jubil\u00e4um 5000 Euro zur Verf\u00fcgung, die weiteren<br \/>\nKosten werden \u00fcber den Schulf\u00f6rderverein und Sponsorengelder beglichen.<\/li>\n<li style=\"text-align: left;\"><strong>Stand der Digitalisierung<br \/>\n<\/strong>&#8211; Die Hardware f\u00fcr das Internet wurde verbaut, aufgrund von Problemen mit der Firma ALSO f\u00fchrt seit<br \/>\nFr\u00fchjahr 2023 die Firma \u201eSundlicht IT\u201c die Arbeiten durch<br \/>\n&#8211; alle Lehrer haben Laptops und USB-Sticks erhalten<br \/>\n&#8211; die Lehrkr\u00e4fte absolvierten einen Fortbildungszyklus zur Medienbildung<br \/>\n&#8211; die Klassen 4a\/b und 9a\/b wurden mit Convertibles ausgestattet<br \/>\n&#8211; f\u00fcr das Schuljahr 2023\/24 werden durch die Gemeinde acht weitere Smartboards und 60 Convertibles zur<br \/>\nVerf\u00fcgung gestellt<\/li>\n<li><strong>Planung des neuen Schuljahres<br \/>\n<\/strong>Es sind noch 4 ausgeschriebene Lehrerstellen unbesetzt f\u00fcr die F\u00e4cher Deutsch, Englisch, Mathematik und Chemie, die Stundentafel kann ohne Zusatzbedarf bis auf das Fach Chemie abgesichert werden.<\/li>\n<li><strong>Sonstiges<br \/>\n<\/strong>Herr Steffen informiert \u00fcber die Evaluation und verweist als Ergebnis dieser auf die Bildung einer Steuergruppe, die sich vorrangig mit der Unterrichtsentwicklung befasst.<br \/>\nFrau Buhrke stellt den Antrag zur Anschaffung weiterer Tische und St\u00fchle f\u00fcr die Grundschule.<\/li>\n<\/ol>\n<p>R. Steffen<br \/>\nVorsitzender der Schulkonferenz<\/p>\n<hr \/>\n<p><strong>Erste Schulkonferenz des Jahres 2022\/23<\/strong><\/p>\n<p>Datum: 17.10.2022<br \/>\nZeit:\u00a0\u00a0\u00a0\u00a0\u00a0 19:00 &#8211; 20:00 Uhr<br \/>\nOrt:\u00a0\u00a0\u00a0\u00a0\u00a0\u00a0 Aula<\/p>\n<p>Anwesenheit:<br \/>\nSch\u00fclervertreter: Nancy Weber, Luca Busse<br \/>\nElternvertreter: Herr Petershen, Frau Arndt, Frau Kr\u00e4ge<br \/>\nLehrervertreter: Herr Steffen, Herr Roch, Herr Sonnenburg, Frau Berndt<\/p>\n<ol>\n<li><strong>Situation zum Schuljahresstart<\/strong><br \/>\nFehlende Lehrkr\u00e4fte, die zu K\u00fcrzungen im Ganztagsbereich und bei der F\u00f6rderung f\u00fchren, die Stundentafel kann im Schuljahr 2022\/23 noch abgesichert werden.<\/li>\n<li><strong>Stand der Digitalisierung<br \/>\n<\/strong>Ausgabe von Lehrerlaptops und Installation von acht digitalen Tafeln, die mobilen Endger\u00e4te k\u00f6nnen aber nur eingeschr\u00e4nkt genutzt werden, da immer noch kein Anschluss an das Breitbandnetz erfolgte. Der alte Server wurde noch nicht ersetzt, die Ausschreibungen zur Anschaffung eines neuen Servers sind in der Vorbereitung.<\/li>\n<li><strong>Stand der Sanierungsarbeiten<\/strong><br \/>\nToilettensanierung wurde im letzten Schuljahr erfolgreich abgeschlossen.<br \/>\nDachsanierung ist erfolgt und in weiterer Planung im Rahmen der energetischen Gesamtsanierung soll ein Austausch der Fenster und der Anbau einer Photovoltaikanlage an der Fassade erfolgen.<br \/>\nEine Erneuerung der \u00dcberdachung ist aus Kostengr\u00fcnden f\u00fcr die Gemeinde aufgrund der hohen Heizkostennachzahlungen f\u00fcr Schule und Turnhalle gegenw\u00e4rtig nicht m\u00f6glich. Mitglieder der Schulkonferenz bieten an, kosteng\u00fcnstigere Angebote einzuholen und verweisen au\u00dferdem auf die Notwendigkeit der Servererneuerung.<\/li>\n<li><strong>Vorbereitung des Schuljubil\u00e4ums im September 2023<br \/>\n<\/strong>Gr\u00fcndung eines Vorbereitungsstabs und Ideensammlung, Sponsoren werden ben\u00f6tigt, Gemeinde unterst\u00fctzt finanziell<\/li>\n<li><strong> Beschlussfassung zum Wanderplan der Schule<br \/>\n<\/strong>Klassen 4a (Fahrt bereits erfolgt) und 4b Fahrt nach Schwerin, Klasse 6a Fahrt nach Malchow, Klasse 6c Fahrt nach ? und Klasse 9b Fahrt nach Hamburg<br \/>\nAu\u00dferdem sind eine Gedenkst\u00e4ttenfahrt und eine Studienreise nach Gro\u00dfbritannien (Schuljahr 2023\/24) geplant.<\/li>\n<\/ol>\n<p>R. Steffen<br \/>\nVorsitzender der Schulkonferenz<\/p>\n<hr \/>\n<p><strong>Zweite Schulkonferenz des Jahres 2021\/22<\/strong><\/p>\n<p>Datum: 27.06.2022<br \/>\nZeit:\u00a0\u00a0\u00a0\u00a0\u00a0 19:00 &#8211; 20:00 Uhr<br \/>\nOrt:\u00a0\u00a0\u00a0\u00a0\u00a0\u00a0 Aula<\/p>\n<p>Anwesenheit:<br \/>\nSch\u00fclervertreter: &#8211;<br \/>\nElternvertreter: Frau Arndt, Herr Petershen<br \/>\nLehrervertreter: Herr Roch, Herr Sonnenburg, Herr Steffen, Frau Berndt<\/p>\n<p>Die Diskussion erfolgte entsprechend der Tagesordnungspunkte, es gab keine Antr\u00e4ge, die eine Beschlussfassung erforderten.<\/p>\n<ol>\n<li><strong>Begr\u00fc\u00dfung durch den Schulleiter<\/strong><\/li>\n<li><strong>Feststellung der ordnungsgem\u00e4\u00dfen Ladung und Beschlussf\u00e4higkeit<br \/>\n<\/strong>Ladung erfolgte fristgem\u00e4\u00df.<\/li>\n<li><strong>Best\u00e4tigung des Protokolls<\/strong><br \/>\nProtokoll wurde einstimmig best\u00e4tigt.<\/li>\n<li><strong><strong>Schuljahresr\u00fcckblick<br \/>\n<\/strong><\/strong>Durchgef\u00fchrte Projekte und Veranstaltungen wurden von den Mitgliedern positiv bewertet. Aktivit\u00e4ten, die im letzten Schuljahr coronabedingt nicht stattfinden konnten, wurden f\u00fcr die Klassen nachgeholt. Nur der \u201eTag der offenen T\u00fcr\u201c und das Lichterfest konnten nicht durchgef\u00fchrt werden. Das Schuljahr war bis auf die zwei Tage vor Weihnachten (amtliche Schulschlie\u00dfung) durchg\u00e4ngig in Pr\u00e4senz, viele Lernr\u00fcckst\u00e4nde wurden aufgeholt.<\/li>\n<li><strong>\u00a0Umweltschule in Europa &#8211; Internationale Agenda -Schule<br \/>\n<\/strong>Die Auswertungsveranstaltung fand in Rostock statt, eingereicht und pr\u00e4miert wurde das Bienen-Projekt. Das zweite Thema zum Anlegen eines Komposthaufens im Schulgarten konnte nicht bearbeitet werden. Die Preisverleihung erfolgte mit zwei Sternen. Herr Steffen fordert die Mitglieder der Schulkonferenz auf, \u00fcber ein neues Umweltthema gemeinsam mit den Klassen nachzudenken und die Ideen auf der ersten Schulkonferenz 2022\/23 vorzustellen.<\/li>\n<li><strong><strong>Stand der Digitalisierung<br \/>\n<\/strong><\/strong>Der Stand ist nicht weiter als im September 2021, zugesagte sechs Smartboards sind noch nicht eingetroffen, Lehrerlaptops sind nicht vorhanden. Die Firma \u201eAlso\u201c f\u00fchrt am 28.06.2022 die Fortbildung mit den Koordinatoren durch (Herr Herrmann, Herr Roch). Zum Schuljahresbeginn soll mit gro\u00dfer Wahrscheinlichkeit WLAN in allen R\u00e4umlichkeiten und auf dem Schulgel\u00e4nde verf\u00fcgbar sein. Louis M\u00f6ller ist als Werksstudent f\u00fcr die Digitalisierung der Schule zust\u00e4ndig, er wurde durch das Amt eingestellt.<\/li>\n<li><strong><strong><strong>Rekonstruktionsma\u00dfnahmen Dach und Fassade<br \/>\n<\/strong><\/strong><\/strong>Es erfolgt zum gegenw\u00e4rtigen Zeitpunkt die Rekonstruktion des Daches und der Blechumrandung (Attika). Au\u00dferdem muss die \u00dcberdachung erneuert werden, ein Abbau (laut Antrag der Gemeinde) ist nicht m\u00f6glich, da die Sch\u00fcler bei Raumwechsel einen Regenschutz ben\u00f6tigen. Die Bauma\u00dfnahmen sollen in den Ferien erfolgen, diese werden aber bis in den Schulanfang hineinreichen. Herr Steffen kritisiert, dass die R\u00fcstung nicht auch zur Erneuerung der Fassade genutzt wird, was eine erneute Einr\u00fcstung des Geb\u00e4udes vermeiden und damit Kosten sparen k\u00f6nnte.<\/li>\n<li><strong>Antr\u00e4ge und Anfragen<br \/>\n<\/strong>Frau Berndt: Anfrage zur Schulpartnerschaft mit Schweden<br \/>\nZur Fortsetzung der Partnerschaften mit Sch\u00fcleraustauschen ist eine finanzielle Unterst\u00fctzung der Gemeinde unbedingt weiter erforderlich. Die Mitglieder der Schulkonferenz fordern die Weiterf\u00fchrung der Schulpartnerschaften als kulturellen Austausch.<br \/>\nKeine weiteren Anfragen.<\/li>\n<li>Anfragen zur Inbetriebnahme des Wasserspenders<br \/>\nEinstimmige Bef\u00fcrwortung der Mitglieder der Schulkonferenz zur Inbetriebnahme des Wasserspenders zum Schuljahr 2022\/23.<\/li>\n<\/ol>\n<p>R. Steffen<br \/>\nVorsitzender der Schulkonferenz<\/p>\n<hr \/>\n<p><strong>Erste Schulkonferenz des Schuljahres 2021\/2022<\/strong><\/p>\n<p>Datum: 19.09.2021<br \/>\nZeit:\u00a0\u00a0\u00a0\u00a0\u00a0\u00a0 19:00 &#8211; 20:30 Uhr<br \/>\nOrt: Lehrerzimmer unter Einhaltung der Hygiene- und Abstandsregeln<\/p>\n<p>Anwesenheit:<br \/>\nSch\u00fclervertreter: Franziska Bennemann, Leonie Siegle<br \/>\nElternvertreter: Herr Petershen, Frau Arndt, Frau Kr\u00e4ge, Herr Rasser<br \/>\nLehrervertreter: Herr Steffen, Frau Buhrke, Frau Berndt<br \/>\nVertreter der Gemeinde: Frau Schilling<\/p>\n<p>Die Ladung erfolgte fristgem\u00e4\u00df und die Beschlussf\u00e4higkeit liegt vor.<br \/>\nDas Protokoll der letzten Schulkonferenz wurde einstimmig best\u00e4tigt.<\/p>\n<p><strong>Inhaltliche Schwerpunkte der Konferenz<\/strong><\/p>\n<ol>\n<li><strong>Herr Steffen informiert<br \/>\n<\/strong>&#8211; \u00fcber die Verfahrensweise der Stoffvermittlung bei einzelnen Quarant\u00e4nef\u00e4llen.<br \/>\n&#8211; Die Sch\u00fcler erhalten die Informationen zum Unterrichtsstoff \u00fcber \u201eItslearning\u201c<br \/>\n&#8211; Der Klassenleiter informiert dazu die Fachlehrer.<br \/>\n&#8211; \u00fcber den Stand der Toilettensanierung.<br \/>\nDie Toiletten im ersten und dritten Aufgang wurden in hoher Qualit\u00e4t fertiggestellt. W\u00e4hrend der laufenden Sanierungen im Grundschultrakt hat sich die L\u00e4rmbel\u00e4stigung reduziert, da Unterrichtszeiten von den Baufirmen konsequenter ber\u00fccksichtigt werden. In Folge einer Havarie kam es zum Ausfall des Internetzugangs und zu Besch\u00e4digungen an mobilen Endger\u00e4ten. Die Sch\u00e4den wurden versicherungstechnisch aufgelistet.<\/li>\n<li><strong>Frau Schilling und Herr Steffen erl\u00e4utern den Stand der Digitalisierung und nehmen Stellung zu Anfragen des Gremiums.<\/strong><br \/>\n&#8211; Das Medienentwicklungskonzept der Schule wurde vor 1 1\/2 Jahren fertiggestellt und beschlossen, der Medienbildungsplan des Schultr\u00e4gers liegt noch nicht vor.<br \/>\n&#8211; Verz\u00f6gerungen sind auf fehlende Fachkr\u00e4fte, eine sehr umfangreiche Antragstellung, die Spezialwissen erfordert und geteilte Zust\u00e4ndigkeiten des Medienberaters des Amtes f\u00fcr den gesamten Amtsbereich und nicht nur die Schule sowie Corona-bedingte Zusatzaufgaben zur\u00fcckzuf\u00fchren.<br \/>\n&#8211; Das Amt wird einen weiteren externen Mitarbeiter f\u00fcr die Belange der Schule einstellen.<br \/>\n&#8211; In den Oktoberferien erfolgen die Kernbohrungen f\u00fcr die Verlegung der Glasfaserkabel, in jedem Raum der Schule und auf dem gesamten Gel\u00e4nde wird dann W-Lan zur Verf\u00fcgung stehen.<\/li>\n<li><strong>Der Antrag der Klasse 9a auf Wechsel des Klassenraumes aufgrund von Diebst\u00e4hlen (S\u00fc\u00dfigkeiten, Lehrbuch, Geld) aus Schultaschen wurde durch die Schulkonferenz abgelehnt.<\/strong> Als Begr\u00fcndung wird angef\u00fchrt, dass durch einen Raumwechsel das beschriebene Problem nicht gel\u00f6st wird. Die Lehrerkonferenz und die Klasse haben das Problem im Blick und werden erh\u00f6hte Aufmerksamkeit an den Tag legen, um den oder die T\u00e4ter zu erkennen und zur Verantwortung zu ziehen.<\/li>\n<\/ol>\n<p>R. Steffen<br \/>\nVorsitzender der Schulkonferenz<\/p>\n<hr \/>\n<p><strong>Zweite Schulkonferenz des Schuljahres 2020\/2021<\/strong><\/p>\n<p>Datum: 14.06.2021<br \/>\nZeit:\u00a0\u00a0\u00a0\u00a0\u00a0\u00a0 19:00 &#8211; 20:10 Uhr<br \/>\nOrt:\u00a0\u00a0\u00a0\u00a0\u00a0\u00a0\u00a0 Lehrerzimmer unter Einhaltung der Hygiene- und Abstandsregeln<\/p>\n<p>Anwesenheit:<br \/>\nSch\u00fclervertreter: Franziska Bennemann<br \/>\nElternvertreter: Sten Petershen, Katharina Kette, Hendrik Melahn<br \/>\nLehrervertreter: Renaldo Steffen, Christin Reichenbach-Braun, Angela Buhrke, Beate Berndt<br \/>\nVertreter der Gemeinde: Werner M\u00fcller<\/p>\n<p><strong>Themen und Festlegungen der Schulkonferenz:<\/strong><\/p>\n<ol>\n<li><strong>R\u00fcckschau auf das Schuljahr 2020\/21<br \/>\n<\/strong>Herr Steffen informiert die Mitglieder der Schulkonferenz, dass der Schuljahresstart mit voller Personalbesetzung und 430 Sch\u00fclern planm\u00e4\u00dfig und organisiert erfolgte, aber durch die Pandemieeinschr\u00e4nkungen kaum Wettbewerbe und kulturelle Veranstaltungen m\u00f6glich waren. Nur auf dem Gebiet des Sports gab es Schulmeisterschaften und die Sch\u00fcler der Jahrgangsstufen 5\/6 haben im zweiten Schulhalbjahr erfolgreich am Englischwettbewerb \u201eThe Big Challenge\u201c teilgenommen.<\/li>\n<li><strong>Besondere Erfolge im Schuljahr 2020\/21<br \/>\n<\/strong>&#8211; Titelverleihung \u201eUmweltschule in Europa\u201c mit drei Sternen zum 18. Mal in Folge<br \/>\n&#8211; Verleihung des Berufswahlsiegels (5-Jahres-Zeitraum) zum zweiten Mal in FoDie Arbeit mit der Lernplattform \u201eitslearning\u201c wird w\u00e4hrend des Distanzunterrichtes als engagiert von Seiten der Lehrkr\u00e4fte und einer gro\u00dfen Anzahl von Sch\u00fclern eingesch\u00e4tzt. Der weitere Umgang wird zu wachsenden Kenntnissen und noch mehr Sicherheit f\u00fchren. Die schnelle Fortf\u00fchrung der Digitalisierung an unserer Schule ist daf\u00fcr dringend notwendig.<\/li>\n<li>E<strong>rfahrungsaustausch zur Umsetzung der Testpflicht an unserer Schule<br \/>\n<\/strong>Die ab dem 28.04.2021 vorgeschriebene Testpflicht wurde an unserer Schule auf Beschluss der au\u00dferordentlichen Schulkonferenz vom 26.04.2021 in der Schule oder in der H\u00e4uslichkeit realisiert. Die Schulkonferenzmitglieder best\u00e4tigten, dass die Sch\u00fcler diese Tests mittlerweile routiniert durchf\u00fchren und es bei den Testungen zu Hause, die nur einen geringen Anteil ausmachen, nur vereinzelte Schwierigkeiten mit vergessenen Negativbest\u00e4tigungen gab. Die Lehreraufsicht muss weiterhin gew\u00e4hrleistet werden, wenn Sch\u00fcler die Negativbescheinigung nicht vorweisen k\u00f6nnen.Die Schulkonferenz beschlie\u00dft einstimmig die Fortsetzung der Testung in der Schule oder in der H\u00e4uslichkeit.<\/li>\n<\/ol>\n<p style=\"padding-left: 40px;\">R. Steffen<br \/>\nVorsitzender der Schulkonferenz<\/p>\n<hr \/>\n<p><strong>Au\u00dferordentliche Schulkonferenz des Schuljahres 2020\/2021<\/strong><\/p>\n<p>Datum: 26.04.2021<br \/>\nZeit:\u00a0\u00a0\u00a0\u00a0\u00a0\u00a0 19:00 &#8211; 20:30 Uhr<br \/>\nOrt:\u00a0\u00a0\u00a0\u00a0\u00a0\u00a0\u00a0 Aula der Regionalen Schule Niepars unter Einhaltung der Hygiene und Abstandsregeln<\/p>\n<p>Anwesenheit:<br \/>\nSch\u00fclervertreter: Franziska Bennemann, Daniel Falk<br \/>\nElternvertreter: Sten Petershen, Katharina Kette, Mario Rasser, Hendrik Melahn<br \/>\nLehrervertreter: Renaldo Steffen, Christin Reichenbach-Braun, Angela Buhrke, Beate Berndt<br \/>\nVertreter der Gemeinde: B\u00e4rbel Schilling<br \/>\nG\u00e4ste: Bj\u00f6rn Holtfreter<\/p>\n<p><strong>Beschl\u00fcsse und Themen der Schulkonferenz:<\/strong><\/p>\n<ol>\n<li>Sanierung der Sanit\u00e4ranlagen<br \/>\nHerr Holtfreter informiert die Mitglieder der Schulkonferenz \u00fcber den Stand und Ablauf der Bauma\u00dfnahmen bei der Sanierung der Sanit\u00e4ranlagen, die Arbeiten haben im ersten Aufgang begonnen, zwei Wochen vor den Sommerferien wird der linke Strang gesperrt und 4 Toilettenanlagen entfernt, die Sch\u00fcler nutzen in dieser Zeit den Mittelaufgang und den dritten Aufgang. Alle Bauma\u00dfnahmen mit L\u00e4rmbel\u00e4stigung werden in Absprache mit der Baufirma nur in den Pausenzeiten und nach 13:40 Uhr durchgef\u00fchrt. Der Essenraum bleibt f\u00fcr die Mittagspausen nutzbar.<\/li>\n<li>Diskussion zur Umsetzung der Testpflicht an unserer Schule<br \/>\nAb dem 28.04.2021 herrscht eine generelle Testpflicht vor dem Schulbesuch. Diese soll grunds\u00e4tzlich an zwei nicht aufeinanderfolgenden Tagen am Morgen in der Schule erfolgen. Die Landesregierung r\u00e4umt die M\u00f6glichkeit ein, diese Testung auch in die H\u00e4uslichkeit zu verlegen, wenn die Schulkonferenz dies beschlie\u00dft.Die Vertreter der Schulkonferenz sprachen sich mehrheitlich daf\u00fcr aus, dass den Eltern die M\u00f6glichkeit einger\u00e4umt werden soll, die Testung auch zu Hause umzusetzen. Die daf\u00fcr ben\u00f6tigten Tests werden jeweils freitags f\u00fcr die kommende Woche durch die Klassenleiter ausgegeben.Die Bescheinigung \u00fcber ein negatives Testergebnis ist die Voraussetzung, dass das Kind die Schule betreten darf.Die Sch\u00fcler, die keine Bescheinigung vorlegen k\u00f6nnen, werden auf dem Schulgel\u00e4nde beaufsichtigt und die Eltern informiert, ihr Kind abzuholen oder das Testergebnis nachzureichen.Die Phase der h\u00e4uslichen Testung und die Abgabe aller daf\u00fcr ben\u00f6tigten Nachweise soll bis zur Schulkonferenz am 14.06.2021 als Erprobungsphase durchgef\u00fchrt werden.Ein endg\u00fcltiger Konferenzbeschluss zur Verfahrensweise bei der Umsetzung der Testung wird zum 14.06.2021 gefasst.<\/li>\n<\/ol>\n<p>R. Steffen<br \/>\nVorsitzender der Schulkonferenz<\/p>\n<hr \/>\n<p><strong>Erste Schulkonferenz des Schuljahres 2020\/2021<\/strong><\/p>\n<p>Datum: 28.09.2020<br \/>\nZeit:\u00a0\u00a0\u00a0\u00a0\u00a0\u00a0 19:00-21:00 Uhr<br \/>\nOrt:\u00a0\u00a0\u00a0\u00a0\u00a0\u00a0\u00a0 Aula der Regionalen Schule Niepars<\/p>\n<p>Anwesenheit:<br \/>\nSch\u00fclervertreter: Franziska Bennemann, Daniel Falk, Lara Koschmann, Leon Trapp (entschuldigt)<br \/>\nElternvertreter: Sten Petershen, Katharina Kette, Mario Rasser, Hendrik Melahn<br \/>\nLehrervertreter: Renaldo Steffen, Christin Reichenbach-Braun, Angela Buhrke, Beate Berndt<br \/>\nG\u00e4ste: Andreas Kutschke, Claus Warncross<\/p>\n<p>Beschl\u00fcsse und Themen der Schulkonferenz:<\/p>\n<ol>\n<li>Das Protokoll der zweiten Schulkonferenz vom 16.06.2020 wurde mit 8 Zustimmungen und drei Enthaltungen best\u00e4tigt.<\/li>\n<li>Herr Kutschke informiert \u00fcber die Projektstudien zur Sanierung der Toiletten als einen Teil des energetischen Gesamtsanierungskonzeptes. Es erfolgte eine Aussprache \u00fcber die bereits bekannten Planungsentw\u00fcrfe.<br \/>\nGeplante Umsetzung f\u00fcr 2021, wenn die F\u00f6rderzusage (75%) erfolgt.<\/li>\n<\/ol>\n<ol start=\"3\">\n<li>Teilnahme am Wettbewerb \u201eInternationale Agenda 21-Umweltschule in Europa\u201c<br \/>\nDiskussion \u00fcber inhaltliche Schwerpunkte:<br \/>\nDie Vorschl\u00e4ge: Weitere Gestaltung des Schulgartens und Komposthaufen wurden einstimmig angenommen und die Teilnahme am Projekt beschlossen.<\/li>\n<\/ol>\n<ol start=\"4\">\n<li>Der Wanderplan der Schule mit Klassenfahrten f\u00fcr die Klassenstufe 9 wurde einstimmig beschlossen.<\/li>\n<\/ol>\n<p>Weitere Schwerpunkte waren die Arbeit am Medienbildungskonzept, die Notwendigkeit der Bereitstellung von digitalen Endger\u00e4ten f\u00fcr die Sch\u00fcler (entsprechende Ausschreibung erfolgt \u00fcber das Amt), die Sch\u00fclerbef\u00f6rderung mit \u00fcberf\u00fcllten Schulbussen in Richtung Steinhagen-Negast (Elternvertreter f\u00fchren Gespr\u00e4che mit dem Kraftverkehr und dem Landrat)<\/p>\n<p>R. Steffen<br \/>\nVorsitzender der Schulkonferenz<\/p>\n<hr \/>\n<p><strong>Zweite Schulkonferenz des Schuljahres 2019\/2020<\/strong><\/p>\n<p>Datum: 16.06.2020<br \/>\nZeit:\u00a0\u00a0\u00a0\u00a0\u00a0\u00a0 19:00 &#8211; 21:00 Uhr<br \/>\nOrt:\u00a0\u00a0\u00a0\u00a0\u00a0\u00a0\u00a0 Aula der Regionalen Schule Niepars<\/p>\n<p>Anwesenheit:<\/p>\n<p>Sch\u00fclervertreter: Sonja Stiller, Dominic Wiedemann, Olivier Polak, Lukas Germer<br \/>\nElternvertreter: Thomas Lamp, Katharina Kette, Sten Petershen, Jeanette Kretschmer<br \/>\nLehrervertreter: Renaldo Steffen, Christin Reichenbach-Braun, Beate Berndt<br \/>\nEntschuldigt abwesend: Angela Buhrke<br \/>\nVertreter des Amtes und G\u00e4ste: B\u00e4rbel Schilling, Martin Roch<\/p>\n<p>Beschl\u00fcsse der Schulkonferenz:<\/p>\n<ol>\n<li>Das Protokoll der ersten Schulkonferenz vom 30.09.2019 wurde einstimmig best\u00e4tigt.<\/li>\n<li>Herr Martin Roch stellte der Schulkonferenz das Medienbildungskonzept der Schule vor, im Anschluss erfolgte die Aussprache zum Konzept.<br \/>\nDas Medienbildungskonzept wurde einstimmig beschlossen.<\/li>\n<\/ol>\n<p>Weitere Punkte:<\/p>\n<ul>\n<li>Herr Steffen stellt einen Antrag an die Gemeinde zur Dacheindeckung des Gartenhauses im Schulgarten einschlie\u00dflich der Anbringung einer Regenrinne, um das Regenwasser aufzufangen.<\/li>\n<li>Informationen zu den Pr\u00fcfungsergebnissen der Klasse 10 und zum Ablauf der feierlichen Zeugnis\u00fcbergabe sowie der Einschulungsveranstaltung unter Einhaltung der Hygiene- und Pandemievorschriften.<\/li>\n<\/ul>\n<p>R. Steffen<br \/>\nVorsitzender der Schulkonferenz<\/p>\n<hr \/>\n<p><strong>Die erste Schulkonferenz im Schuljahr 2018\/2019 tagte am 01.10.2018.<\/strong><\/p>\n<p>Es waren 11 Vertreter anwesend.<\/p>\n<p>Auf Grund einer ver\u00e4nderten Zusammensetzung der Schulkonferenz erfolgte eine Neuwahl des Vorsitzenden und Stellvertreters.<\/p>\n<p>Vorsitz: \u00a0\u00a0\u00a0\u00a0\u00a0 \u00a0\u00a0 \u00a0 Herr Renaldo Steffen<br \/>\nStellvertreter: Herr Thomas Lamp<\/p>\n<p>Die nachfolgenden Punkte wurden beraten und einstimmig beschlossen:<\/p>\n<p>1. Beschluss \u00fcber die Teilnahme am Wettbewerb \u201eUmweltschule in Europa-Internationale Agenda 21-Schule\u201c<\/p>\n<p>Projekte, die im Teilnahmezeitraum bearbeitet werden:<\/p>\n<ul>\n<li>Erweiterung der Bienen AG<\/li>\n<li>Neustrukturierung des Schulgartens unter dem Aspekt der \u00d6kologie und Nachhaltigkeit (Bau von Nistk\u00e4sten, Insektenhotel, Anlage einer Wiesenkultur)<\/li>\n<\/ul>\n<p>Letzterer Punkt wird gleichzeitig zur Teilnahme an einem Wettbewerb des Umweltministeriums genutzt.<\/p>\n<p>2. Beschluss \u00fcber den Schulwanderfahrtenplan<\/p>\n<ul>\n<li>Klassen 4a\/b:\u00a0 Schullandheim Sellin<\/li>\n<li>Klasse 6a: Jugenddorf Wittow, Juliusruh<\/li>\n<li>Klasse 9a: Dresden<\/li>\n<\/ul>\n<p style=\"padding-left: 30px;\">Auf Anfrage der Schulkonferenz wird f\u00fcr das zweite Schulhalbjahr eine Studienreise nach Gro\u00dfbritannien geplant und bei entsprechender Sch\u00fclerzahl und Teilnahme der Partnerschule Zingst im Wanderplan erg\u00e4nzt. Voraussetzung der Fahrt ist die Genehmigung durch das Schulamt.<\/p>\n<p>3. Antr\u00e4ge der Schulkonferenz an die Gemeinde:<\/p>\n<ul>\n<li>Die Mitglieder der Schulkonferenz beantragen, dass der Beschluss der Gemeindevertretung, f\u00fcr die Sch\u00fcler der Jahrgangsstufen 5 -8 die Busgeb\u00fchren f\u00fcr die Richtungen Martensdorf und Zansebuhr zu \u00fcbernehmen auch f\u00fcr die Sch\u00fcler der Klassen 9\/10 gelten soll.<br \/>\nDamit wird dem Anspruch auf Gleichbehandlung Rechnung getragen.<\/li>\n<li>Die Mitglieder der Schulkonferenz greifen die Sicherheitshinweise des Chemielehrers<br \/>\nHerrn Huisinga auf und beantragen die Beseitigung der M\u00e4ngel im Chemievorbereitungsraum entsprechend eines vorliegenden Beanstandungsprotokolls.<\/li>\n<li>Es liegt ein Sanierungsbedarf der Toiletten vor, der zuvor einen Austausch der stark abgenutzten und veralteten Rohrzuflussleitungen beinhaltet. Laut Begutachtung durch die Firma Ottensmeier gilt dieses f\u00fcr alle Zufl\u00fcsse im Keller.Die Mitglieder der Schulkonferenz beantragen eine Erneuerung der Rohrleitungen, die mit einer anschlie\u00dfenden schrittweisen Sanierung der sanit\u00e4ren Anlagen einhergeht.Alle Antr\u00e4ge wurden einstimmig gestellt.<\/li>\n<\/ul>\n<p>R. Steffen<br \/>\nVorsitzender der Schulkonferenz<\/p>\n<hr \/>\n<p><strong>Die zweite Schulkonferenz im Schuljahr 2017\/2018 fand am 02.07.2018 statt.<\/strong><\/p>\n<p>Es waren 10 Vertreter anwesend.<\/p>\n<p>Das Protokoll der ersten Schulkonferenz wurde einstimmig best\u00e4tigt.<\/p>\n<p>Folgende Tagesordnungspunkte wurden beraten:<\/p>\n<p><strong>Die Projekte des Schuljahres 2017\/2018<\/strong><\/p>\n<ol>\n<li>Anne Frank Ausstellung und Ausbildung der Sch\u00fcler Klasse 9a zu Peer Guides. Philipp Pr\u00fcter aus der Klasse 9a hat das Projekt weitergef\u00fchrt und wurde zum Anne Frank Botschafter ausgebildet.<\/li>\n<li>Demokratieprojekt mit der Stiftung \u201eAnstiftung\u201c. Das Projekt l\u00e4uft weitere 2 Jahre.<\/li>\n<li>Lernen durch Engagement f\u00fcr den Wahlpflichtkurs 9. Das Projekt wird im Schuljahr 2018\/2019 mit einigen inhaltlichen Umstrukturierungen fortgef\u00fchrt.<\/li>\n<li>Erfolgreiche Titelverteidigung \u201eUmweltschule in Europa, internationale Agenda 21\u201c. Die Preisverleihung erfolgte mit der h\u00f6chsten Auszeichnung- \u201edrei Sterne\u201c f\u00fcr das Bienenprojekt unter Leitung von Dirk Meiser und Sch\u00fclerinnen und Sch\u00fclern der Klasse 5a\/b.<\/li>\n<\/ol>\n<ul>\n<li>In den Sommerferien erfolgt die Sanierung des Sporthallendaches und dauert bis in die ersten Schulwochen an, der Sportunterricht kann planm\u00e4\u00dfig durchgef\u00fchrt werden.<\/li>\n<li>Antrag der Schulkonferenz an die Gemeinde zur Ausstattung eines Klassenraumes mit Teppichboden und neuen Vorh\u00e4ngen, da die Unterrichtung von drei h\u00f6rgesch\u00e4digten Kindern in Klasse 5 einen erh\u00f6hten Schallschutz erfordert.<\/li>\n<\/ul>\n<p><strong>Weitere Anfragen\/Vorschl\u00e4ge:<\/strong><\/p>\n<ul>\n<li>Das Problem der Sch\u00fclerbef\u00f6rderung &#8211; Bus in Richtung Steinhagen reicht f\u00fcr die Sch\u00fcler nicht aus. Das Problem wurde durch den Schulleiter bereits mehrfach mit dem Kraftverkehr diskutiert, bisher ohne Erfolg. Der Schulelternrat wird sich mit dem Kraftverkehr in Verbindung setzen.<\/li>\n<li>Frau Esser beantragt die Sanierung der Schulk\u00fcche.<\/li>\n<li>Die Lehrerkonferenz sieht die Notwendigkeit zur Anschaffung von Smartboards zum Einsatz multimedialer Lernboxen und weiterer digitaler Unterrichtsmittel. Die Schulkonferenz unterst\u00fctzt den Antrag der Lehrerkonferenz.<\/li>\n<li>Justin Gust\u00e4vel schl\u00e4gt f\u00fcr die neuen Sch\u00fcler aus Steinhagen eine Rallye durch \u00e4ltere Mitsch\u00fcler in der Schule und auf dem Schulgel\u00e4nde vor.<\/li>\n<\/ul>\n<p>R. Steffen<br \/>\nVorsitzender der Schulkonferenz<\/p>\n<hr \/>\n<p><strong>Die erste Schulkonferenz des Schuljahres 2017\/2018 fand am 16.10.2017 statt.<br \/>\n<\/strong><\/p>\n<p>Die neu gew\u00e4hlten Mitglieder der Schulkonferenz sind:<\/p>\n<p><strong>Elternvertreter:<br \/>\n<\/strong>Frau Ines Banaszkiewicz, Herr Silvio Knospe, Frau Anke Hemmers, Frau Katharina Knospe<\/p>\n<p><strong>Sch\u00fclervertreter:<br \/>\n<\/strong>Justin Gust\u00e4vel, Tony Wett, Hanna Weingarten, Sonja Stiller<\/p>\n<p><strong>Lehrervertreter:<br \/>\n<\/strong>Herr Renaldo Steffen, Frau Christin Reichenbach-Braun, Frau Angela Buhrke<\/p>\n<p>Als Vorsitzender wurde Herr Renaldo Steffen und als Stellvertreter Herr Silvio Knospe einstimmig gew\u00e4hlt.<\/p>\n<p><strong>Beschl\u00fcsse:<\/strong><\/p>\n<ol>\n<li>Beschluss \u00fcber den Wanderplan der Schule<\/li>\n<li>Beschluss \u00fcber neue Formbl\u00e4tter zur Information der Eltern \u00fcber Erziehungs- und Ordnungsma\u00dfnahmen.<\/li>\n<\/ol>\n<p>Weiterhin wurde eine positives Einsch\u00e4tzung\u00a0 zur Anne-Frank-Ausstellung gegeben und die Leistung der Peer Guides aus Klasse 9a wertgesch\u00e4tzt.<\/p>\n<p>Regelungen zur Busaufsicht wurden beraten.<\/p>\n<p>R. Steffen<br \/>\nVorsitzender der Schulkonferenz<\/p>\n<hr \/>\n<p><strong>Die zweite Schulkonferenz des Schuljahres 2016\/2917 fand am 18.07.2017 statt.<\/strong><\/p>\n<ol>\n<li>Die Entwicklungspartnerschaft mit der Schule in Zingst<br \/>\nIn der Partnerschaft wird die Zusammenarbeit von Fachschaften, bei Fortbildungsveranstaltungen, bei der Organisation von Sprachreisen und auf dem Gebiet des Sports und der Berufsorientierung angestrebt.<\/li>\n<li>Teilnahme unserer Schule am Referenzschulnetzwerk \u201eLernen durch Engagement\u201c<br \/>\nSchwerpunkt dieses Projektes sind die Recherche zu einem realen Bedarf und die Entwicklung von Projektideen f\u00fcr praktisches gesellschaftliches Engagement.<br \/>\nTeilnehmer am Projekt sind die Wahlpflichtsch\u00fcler der 9. Jahrgangsstufe<\/li>\n<li>Projekt gegen Rassismus und Fremdenfeindlichkeit<br \/>\nDauer 3 Jahre, Auftaktveranstaltung: \u201eWarm up\u201c am 29.09.2017, Projektbegleiter ist die Stiftung \u201eAnstiftung\u201c<\/li>\n<li>Im Rahmen des langfristigen Sanierungsprogramms wird das Brandschutzkonzept der Schule umgesetzt, Baubeginn: In den Sommerferien<\/li>\n<\/ol>\n<p><strong>Beschl\u00fcsse<\/strong>:<\/p>\n<p>Antrag der Fachschaft Englisch zur Durchf\u00fchrung einer Studienfahrt nach Gro\u00dfbritannien vom 25.02. \u2013 02.03.2018<\/p>\n<p>Die Schulkonferenz stimmt der Studienfahrt einstimmig zu.<\/p>\n<p>R. Steffen<br \/>\nVorsitzender der Schulkonferenz<\/p>\n<hr \/>\n<p><strong>Die erste Schulkonferenz des Schuljahres 2016\/2017 tagte am 17.10.2016.<\/strong><\/p>\n<ol>\n<li>Mitglieder der Schulkonferenz und Wahl des Vorsitzenden bzw. Stellvertreters<br \/>\nDie in den Mitwirkungsgremien gew\u00e4hlten Mitglieder der neuen Schulkonferenz sind: Sch\u00fclerrat: Nadine Jonas, Sonja Stiller, Joan Dittrich<br \/>\nElternrat: Frau Zinke, Frau Banaszkiewicz, Frau Pohle, Frau Kasten<br \/>\nLehrerrat: Frau Buhrke, Herr Garbe, Herr Steffen, Frau Reichenbach<br \/>\nGemeindevertreterin: Frau Schilling<br \/>\nSchulsozialp\u00e4dagogin: Frau Anders (beratend)<\/li>\n<li>Beschlussfassung zu den beweglichen Ferientagen<br \/>\nAls bewegliche Ferientage wurden der- 24.\/25.11.2016 und der<br \/>\n&#8211; 26.05.2017 vorgeschlagen.Beschluss: Die vorgeschlagenen beweglichen Ferientage wurden einstimmig best\u00e4tigt.<\/li>\n<li>Beschlussfassung zum Wanderplan der Schule<br \/>\nDer Wanderplan der Schule wurde vorgestellt und kurz erl\u00e4utert.- Klasse 3a\/b: 3 Tage Stahlrute<br \/>\n&#8211; Klasse 4a\/b: 5 Tage Hiddensee<br \/>\n&#8211; Klasse 6a\/b: 5 Tage Torgelow<br \/>\n&#8211; Klasse 9a: 5 Tage Dresden-Radebeul<br \/>\n&#8211; Skikurs: 5 Tage St. Johann<br \/>\n&#8211; Religionskurs: 4 Tage Eisenach<br \/>\n&#8211; Geschichte: 1 Tag Gedenkst\u00e4tte BerlinBeschluss: Der Wanderplan der Schule wurde einstimmig angenommen.<\/li>\n<\/ol>\n<p>R. Steffen<br \/>\nVorsitzender der Schulkonferenz<\/p>\n","protected":false},"excerpt":{"rendered":"<p>Erste Schulkonferenz des Schuljahres 2025\/26 Datum: 27.10.2025 Anwesenheit: Elternvertreter: Frau Hauschild, Frau Wiechmann, Frau K\u00fcnzel Lehrervertreter: Frau Berndt, Frau Reichenbach-Braun, Frau Schiller, Frau Degler Sch\u00fclervertreter: Levy Quaas, Eddy Lukat, Kalle Tews Die Vorsitzende und die Stellvertreterin der Schulkonferenz sind weiterhin Frau Berndt und Frau Schiller bis zur neuen Wahlperiode 2026\/2027. In den Gremien der Eltern und Sch\u00fcler wurden neue Mitglieder f\u00fcr den Vorstand nachgew\u00e4hlt. Elternsprecherin ist Frau Hauschild und Frau K\u00fcnzel ist Mitglied des Vorstandes des Schulelternrates. Als neues Mitglied im Vorstand des Sch\u00fclerrates agiert Kalle Tews. Alle Mitglieder der Schulkonferenz bleiben f\u00fcr das Schuljahr 2025\/26 im Amt. Bericht zum <a href=\"https:\/\/www.schule-niepars.de\/?page_id=451\" class=\"read-more\">&#8230; Weiterlesen &#8230;<\/a><\/p>\n","protected":false},"author":3,"featured_media":0,"parent":0,"menu_order":0,"comment_status":"closed","ping_status":"closed","template":"","meta":{"footnotes":""},"class_list":["post-451","page","type-page","status-publish","hentry"],"_links":{"self":[{"href":"https:\/\/www.schule-niepars.de\/index.php?rest_route=\/wp\/v2\/pages\/451","targetHints":{"allow":["GET"]}}],"collection":[{"href":"https:\/\/www.schule-niepars.de\/index.php?rest_route=\/wp\/v2\/pages"}],"about":[{"href":"https:\/\/www.schule-niepars.de\/index.php?rest_route=\/wp\/v2\/types\/page"}],"author":[{"embeddable":true,"href":"https:\/\/www.schule-niepars.de\/index.php?rest_route=\/wp\/v2\/users\/3"}],"replies":[{"embeddable":true,"href":"https:\/\/www.schule-niepars.de\/index.php?rest_route=%2Fwp%2Fv2%2Fcomments&post=451"}],"version-history":[{"count":77,"href":"https:\/\/www.schule-niepars.de\/index.php?rest_route=\/wp\/v2\/pages\/451\/revisions"}],"predecessor-version":[{"id":8011,"href":"https:\/\/www.schule-niepars.de\/index.php?rest_route=\/wp\/v2\/pages\/451\/revisions\/8011"}],"wp:attachment":[{"href":"https:\/\/www.schule-niepars.de\/index.php?rest_route=%2Fwp%2Fv2%2Fmedia&parent=451"}],"curies":[{"name":"wp","href":"https:\/\/api.w.org\/{rel}","templated":true}]}}